{"id":1984,"date":"2021-11-17T09:17:14","date_gmt":"2021-11-17T09:17:14","guid":{"rendered":"https:\/\/weareable.ngo\/projecten\/hoe-opio-george-zijn-gemeenschap-raakt\/"},"modified":"2022-11-16T09:30:49","modified_gmt":"2022-11-16T08:30:49","slug":"hoe-opio-george-zijn-gemeenschap-raakt","status":"publish","type":"projecten","link":"https:\/\/weareable.ngo\/fr\/projecten\/hoe-opio-george-zijn-gemeenschap-raakt\/","title":{"rendered":"Comment Opio George atteint sa communaut\u00e9"},"content":{"rendered":"<span><span><a href=\"https:\/\/weareable.ngo\/fr\/\">Home<\/a><\/span>\n\n\n\n<div class=\"alignfull wp-block-ugb-columns ugb-columns ugb-c3b8e23 ugb-columns--design-plain ugb-columns--columns-2 ugb-main-block ugb-main-block--inner-center ugb--has-block-background ugb--has-background-overlay\"><style>.ugb-c3b8e23 > .ugb-inner-block > .ugb-block-content > .ugb-columns__item{grid-template-columns:0.80fr 1.20fr !important}.ugb-c3b8e23.ugb-columns{background-color:var(--paletteColor5,#f5f4f5)}.ugb-c3b8e23.ugb-columns:before{background-image:linear-gradient(90deg,var(--paletteColor5,#f5f4f5) 35%,#ffffff 35%);mix-blend-mode:unset}@media screen and (min-width:768px){.ugb-c3b8e23.ugb-columns{margin-top:50px !important}}@media screen and (min-width:768px) and (max-width:1025px){.ugb-c3b8e23.ugb-columns{padding-top:20px !important;padding-right:30px !important;padding-bottom:20px !important;padding-left:30px !important}}@media screen and (max-width:768px){.ugb-c3b8e23.ugb-columns{padding-top:30px !important;padding-right:18px !important;padding-bottom:10px !important;padding-left:18px !important}}<\/style><div class=\"ugb-inner-block ugb-inner-block--center\"><div class=\"ugb-block-content\"><div class=\"ugb-columns__item ugb-c3b8e23-content-wrapper\">\n<div class=\"wp-block-ugb-column ugb-column ugb-0f3d2bf ugb-column--design-basic ugb-main-block\"><style>.ugb-0f3d2bf-column-wrapper{border-radius:0px !important;background-image:url(https:\/\/weareable.ngo\/wp-content\/uploads\/2021\/11\/Foto-voor-bij-lifestory-er-is-GEEN-foto-van-Opio-George-1.jpg)}.ugb-0f3d2bf-column-wrapper:before{opacity:0.5}.ugb-0f3d2bf.ugb-column{min-height:350px}@media screen and (-ms-high-contrast:active),screen and (-ms-high-contrast:none){.ugb-0f3d2bf.ugb-column{height:350px}}@media screen and (min-width:768px){.ugb-0f3d2bf > .ugb-inner-block > .ugb-block-content > *{padding-top:0px !important;padding-bottom:0px !important;padding-right:0px !important;padding-left:0px !important}}<\/style><div class=\"ugb-inner-block\"><div class=\"ugb-block-content\"><div class=\"ugb-column__item ugb-0f3d2bf-column-wrapper ugb--has-background-overlay\"><div class=\"ugb-column__content-wrapper\"><\/div><\/div><\/div><\/div><\/div>\n\n\n\n<div class=\"wp-block-ugb-column ugb-column ugb-ca6bcc2 ugb-column--design-plain ugb-main-block\"><style>@media screen and (min-width:768px){.ugb-ca6bcc2 > .ugb-inner-block > .ugb-block-content > *{padding-top:30px !important;padding-bottom:30px !important;padding-left:75px !important}}@media screen and (min-width:768px) and (max-width:1025px){.ugb-ca6bcc2 > .ugb-inner-block > .ugb-block-content > *{padding-top:0px !important;padding-right:0px !important;padding-bottom:0px !important;padding-left:0px !important}}<\/style><div class=\"ugb-inner-block\"><div class=\"ugb-block-content\"><div class=\"ugb-column__item ugb-ca6bcc2-column-wrapper\"><div class=\"ugb-column__content-wrapper\">\n<div class=\"wp-block-ugb-heading ugb-heading ugb-ba2a992 ugb-main-block\"><style>.ugb-ba2a992 .ugb-heading__title{text-transform:none !important;text-align:left;margin-bottom:15px !important}.ugb-ba2a992 .ugb-heading__bottom-line{background-color:var(--paletteColor4,#27a484) !important;height:2px !important;width:284px !important;margin-left:0 !important;margin-right:auto !important}.ugb-ba2a992 .ugb-inner-block{text-align:left}<\/style><div class=\"ugb-inner-block\"><div class=\"ugb-block-content\"><h1 class=\"ugb-heading__title\">Comment Opio George atteint sa communaut\u00e9<\/h1><div class=\"ugb-heading__bottom-line\"><\/div><\/div><\/div><\/div>\n\n\n\n<div class=\"wp-block-ugb-text ugb-text ugb-60d4803 ugb-text--design-plain ugb-text--columns-1 ugb-main-block\"><style>.ugb-60d4803 .ugb-text__text{margin-bottom:0px !important}@media screen and (min-width:768px){.ugb-60d4803.ugb-text{margin-top:0px !important;margin-bottom:10px !important;margin-left:0px !important}}@media screen and (max-width:768px){.ugb-60d4803.ugb-text{margin-right:0px !important;margin-left:0px !important;margin-top:0px !important;margin-bottom:0px !important;padding-bottom:0px !important}}<\/style><div class=\"ugb-inner-block\"><div class=\"ugb-block-content\"><div class=\"ugb-text__text-wrapper\"><div class=\"ugb-text__text\"><p class=\"ugb-text__text-1\">Opio George (53 ans) vit dans un village appel\u00e9 Goro dans le district de Nwoya en Ouganda. Il est atteint d&rsquo;une d\u00e9ficience visuelle. Opio est membre du Conseil municipal comme Repr\u00e9sentant des personnes vivant avec handicap. Il est \u00e9galement Pr\u00e9sident de l&rsquo;association des aveugles du district de Nwoya. En outre, il est mari\u00e9 et a quatre enfants. Malheureusement, il n&rsquo;a pas \u00e9t\u00e9 scolaris\u00e9 en raison du manque de ressources. Il a suivi une courte formation en agriculture et gagne maintenant sa vie de cette mani\u00e8re.<\/p><\/div><\/div><\/div><\/div><\/div>\n<\/div><\/div><\/div><\/div><\/div>\n<\/div><\/div><\/div><\/div>\n\n\n\n<div class=\"wp-block-ugb-container ugb-container ugb-aa018f9 ugb-container--v2 ugb-container--design-plain ugb-main-block\"><style>@media screen and (min-width:768px){.ugb-aa018f9-content-wrapper.ugb-container__content-wrapper{width:75% !important}}<\/style><div class=\"ugb-inner-block\"><div class=\"ugb-block-content\"><div class=\"ugb-container__wrapper ugb-aa018f9-wrapper\"><div class=\"ugb-container__side\"><div class=\"ugb-container__content-wrapper ugb-aa018f9-content-wrapper\">\n<h2>Le succ\u00e8s<\/h2>\n\n\n\n<p>L&rsquo;histoire d&rsquo;Opio est inhabituelle par rapport aux autres personnes vivant avec handicap de sa r\u00e9gion. Il poss\u00e8de 12 ch\u00e8vres, 7 vaches, 14 ruches, environ un hectare de tomates et deux hectares de bananes.<\/p>\n\n\n\n<p>Lorsqu&rsquo;on lui demande comment il a pu r\u00e9ussir dans sa profession, il r\u00e9pond : \u00ab\u00a0J&rsquo;ai appris \u00e0 prendre soin de moi-m\u00eame. J&rsquo;utilise toutes les comp\u00e9tences que je poss\u00e8de, aussi petites soient-elles, afin de pouvoir g\u00e9rer mes propres terres.\u00a0\u00bb<\/p>\n\n\n\n<p>En outre, Opio souligne l&rsquo;importance des personnes de son entourage. \u00ab\u00a0Je respecte les personnes qui m&rsquo;entourent, et je suis amical avec elles. C&rsquo;est pourquoi ces personnes me respectent \u00e9galement \u00e0 leur tour. Ma famille et ma communaut\u00e9 me soutiennent pleinement et cela me fait la diff\u00e9rence.\u00a0\u00bb<\/p>\n\n\n\n<h2>L&rsquo;importance de la confiance en soi et des relations<\/h2>\n\n\n\n<p>Opio parle de l&rsquo;importance de d\u00e9velopper la confiance au sein des personnes vivant avec handicap. D\u00e8s qu&rsquo;elles ont suffisamment confiance en elles, elles vont chercher des opportunit\u00e9s. Il se souvient d&rsquo;un jour o\u00f9 il a d\u00fb se rendre au bureau d&rsquo;une organisation qui distribuait des vaches. Il a voulu rejoindre le groupe et gr\u00e2ce \u00e0 son adh\u00e9sion, il a pu d\u00e9marrer son activit\u00e9. Gr\u00e2ce \u00e0 la seule vache qu&rsquo;il a re\u00e7ue, il a pu d\u00e9velopper son activit\u00e9 pour en faire ce qu&rsquo;elle en est aujourd&rsquo;hui.<\/p>\n\n\n\n<p>Opio pense \u00e9galement qu&rsquo;il est important que les personnes vivant avec handicap se rendent visite et apprennent les unes des autres. Il est dou\u00e9 pour cultiver des pommes de terre et des tomates. Ces comp\u00e9tences lui rapportent de l&rsquo;argent et lui permettent de subvenir aux besoins de sa famille. Il est heureux de partager ses connaissances et ses comp\u00e9tences avec les autres. Il sait que la mobilit\u00e9 est un d\u00e9fi important, mais les portes de sa maison sont toujours ouvertes aux personnes vivant avec handicap.&nbsp;<\/p>\n\n\n\n<div class=\"wp-block-ugb-button ugb-button-wrapper ugb-31b3543 ugb-main-block\"><style>.ugb-31b3543 .ugb-block-content{justify-content:flex-start !important}.ugb-31b3543 .ugb-button1 .ugb-button--inner{font-size:16px !important;font-weight:normal !important}.ugb-31b3543 .ugb-button1{background-color:var(--paletteColor1,#f25579);padding-top:12px;padding-right:35px;padding-bottom:12px;padding-left:35px;border-radius:4px !important}.ugb-31b3543 .ugb-button1 .ugb-button--inner,.ugb-31b3543 .ugb-button1 svg:not(.ugb-custom-icon){color:var(--paletteColor5,#ffffff) !important}.ugb-31b3543 .ugb-button1:before{border-radius:4px !important}.ugb-31b3543 .ugb-inner-block{text-align:left}@media screen and (min-width:768px){.ugb-31b3543.ugb-button-wrapper{margin-bottom:0px !important}}<\/style><div class=\"ugb-inner-block\"><div class=\"ugb-block-content\"><div class=\"ugb-button-container\"><a class=\"ugb-button1 ugb-button ugb-button--size-normal ugb--hover-effect-scale\" href=\"https:\/\/weareable.ngo\/fr\/temoignages\/\" rel=\"\" title=\"\"><span class=\"ugb-button--inner\">Lire plus d&rsquo;histoires<\/span><\/a><\/div><\/div><\/div><\/div>\n\n\n\n<p><br><\/p>\n<\/div><\/div><\/div><\/div><\/div><\/div>\n","protected":false},"excerpt":{"rendered":"<p>Opio George (53 ans) vit dans un village appel\u00e9 Goro dans le district de Nwoya en Ouganda. Il est atteint  d&rsquo;une  d\u00e9ficience  visuelle.  Opio  est  membre  du  Conseil  municipal  comme  Repr\u00e9sentant  des personnes vivant avec handicap. Il est \u00e9galement Pr\u00e9sident de l&rsquo;association des aveugles du district de  Nwoya. <\/p>\n","protected":false},"featured_media":1811,"parent":0,"template":"","meta":[],"blocksy_meta":{"styles_descriptor":{"styles":{"desktop":"","tablet":"","mobile":""},"google_fonts":[],"version":5}},"acf":[],"featured_image_urls":{"full":["https:\/\/weareable.ngo\/wp-content\/uploads\/2021\/11\/Foto-voor-bij-lifestory-er-is-GEEN-foto-van-Opio-George-1.jpg",1200,800,false],"thumbnail":["https:\/\/weareable.ngo\/wp-content\/uploads\/2021\/11\/Foto-voor-bij-lifestory-er-is-GEEN-foto-van-Opio-George-1-150x150.jpg",150,150,true],"medium":["https:\/\/weareable.ngo\/wp-content\/uploads\/2021\/11\/Foto-voor-bij-lifestory-er-is-GEEN-foto-van-Opio-George-1-300x200.jpg",300,200,true],"medium_large":["https:\/\/weareable.ngo\/wp-content\/uploads\/2021\/11\/Foto-voor-bij-lifestory-er-is-GEEN-foto-van-Opio-George-1-768x512.jpg",768,512,true],"large":["https:\/\/weareable.ngo\/wp-content\/uploads\/2021\/11\/Foto-voor-bij-lifestory-er-is-GEEN-foto-van-Opio-George-1-1024x683.jpg",1024,683,true],"1536x1536":["https:\/\/weareable.ngo\/wp-content\/uploads\/2021\/11\/Foto-voor-bij-lifestory-er-is-GEEN-foto-van-Opio-George-1.jpg",1200,800,false],"2048x2048":["https:\/\/weareable.ngo\/wp-content\/uploads\/2021\/11\/Foto-voor-bij-lifestory-er-is-GEEN-foto-van-Opio-George-1.jpg",1200,800,false]},"post_excerpt_stackable":"<p>Opio George (53 ans) vit dans un village appel\u00e9 Goro dans le district de Nwoya en Ouganda. Il est atteint  d&rsquo;une  d\u00e9ficience  visuelle.  Opio  est  membre  du  Conseil  municipal  comme  Repr\u00e9sentant  des personnes vivant avec handicap. Il est \u00e9galement Pr\u00e9sident de l&rsquo;association des aveugles du district de  Nwoya. <\/p>\n","category_list":"","author_info":{"name":"","url":""},"comments_num":"0 commentaire","featured_image_urls_v2":{"full":["https:\/\/weareable.ngo\/wp-content\/uploads\/2021\/11\/Foto-voor-bij-lifestory-er-is-GEEN-foto-van-Opio-George-1.jpg",1200,800,false],"thumbnail":["https:\/\/weareable.ngo\/wp-content\/uploads\/2021\/11\/Foto-voor-bij-lifestory-er-is-GEEN-foto-van-Opio-George-1-150x150.jpg",150,150,true],"medium":["https:\/\/weareable.ngo\/wp-content\/uploads\/2021\/11\/Foto-voor-bij-lifestory-er-is-GEEN-foto-van-Opio-George-1-300x200.jpg",300,200,true],"medium_large":["https:\/\/weareable.ngo\/wp-content\/uploads\/2021\/11\/Foto-voor-bij-lifestory-er-is-GEEN-foto-van-Opio-George-1-768x512.jpg",768,512,true],"large":["https:\/\/weareable.ngo\/wp-content\/uploads\/2021\/11\/Foto-voor-bij-lifestory-er-is-GEEN-foto-van-Opio-George-1-1024x683.jpg",1024,683,true],"1536x1536":["https:\/\/weareable.ngo\/wp-content\/uploads\/2021\/11\/Foto-voor-bij-lifestory-er-is-GEEN-foto-van-Opio-George-1.jpg",1200,800,false],"2048x2048":["https:\/\/weareable.ngo\/wp-content\/uploads\/2021\/11\/Foto-voor-bij-lifestory-er-is-GEEN-foto-van-Opio-George-1.jpg",1200,800,false]},"post_excerpt_stackable_v2":"<p>Opio George (53 ans) vit dans un village appel\u00e9 Goro dans le district de Nwoya en Ouganda. Il est atteint  d&rsquo;une  d\u00e9ficience  visuelle.  Opio  est  membre  du  Conseil  municipal  comme  Repr\u00e9sentant  des personnes vivant avec handicap. Il est \u00e9galement Pr\u00e9sident de l&rsquo;association des aveugles du district de  Nwoya. <\/p>\n","category_list_v2":"","author_info_v2":{"name":"","url":""},"comments_num_v2":"0 commentaire","yoast_head":"<!-- This site is optimized with the Yoast SEO plugin v19.1 - https:\/\/yoast.com\/wordpress\/plugins\/seo\/ -->\n<title>Comment Opio George atteint sa communaut\u00e9 - We are able<\/title>\n<meta name=\"description\" content=\"Opio George woont in Oeganda en heeft een visuele beperking, maar is succesvol in zijn beroep: \u201cIk heb mijzelf geleerd om voor mijzelf te zorgen. Ik gebruik elke vaardigheid die ik bezit, hoe klein dan ook, zodat ik mijn eigen land kan beheren.\u201d\" \/>\n<meta name=\"robots\" content=\"index, follow, max-snippet:-1, max-image-preview:large, max-video-preview:-1\" \/>\n<link rel=\"canonical\" href=\"https:\/\/weareable.ngo\/fr\/projecten\/hoe-opio-george-zijn-gemeenschap-raakt\/\" \/>\n<meta property=\"og:locale\" content=\"fr_FR\" \/>\n<meta property=\"og:type\" content=\"article\" \/>\n<meta property=\"og:title\" content=\"Comment Opio George atteint sa communaut\u00e9 - We are able\" \/>\n<meta property=\"og:description\" content=\"Opio George woont in Oeganda en heeft een visuele beperking, maar is succesvol in zijn beroep: \u201cIk heb mijzelf geleerd om voor mijzelf te zorgen. Ik gebruik elke vaardigheid die ik bezit, hoe klein dan ook, zodat ik mijn eigen land kan beheren.\u201d\" \/>\n<meta property=\"og:url\" content=\"https:\/\/weareable.ngo\/fr\/projecten\/hoe-opio-george-zijn-gemeenschap-raakt\/\" \/>\n<meta property=\"og:site_name\" content=\"We are able\" \/>\n<meta property=\"article:modified_time\" content=\"2022-11-16T08:30:49+00:00\" \/>\n<meta property=\"og:image\" content=\"https:\/\/weareable.ngo\/wp-content\/uploads\/2021\/11\/Foto-voor-bij-lifestory-er-is-GEEN-foto-van-Opio-George-1.jpg\" \/>\n\t<meta property=\"og:image:width\" content=\"1200\" \/>\n\t<meta property=\"og:image:height\" content=\"800\" \/>\n\t<meta property=\"og:image:type\" content=\"image\/jpeg\" \/>\n<meta name=\"twitter:card\" content=\"summary_large_image\" \/>\n<meta name=\"twitter:label1\" content=\"Dur\u00e9e de lecture estim\u00e9e\" \/>\n\t<meta name=\"twitter:data1\" content=\"3 minutes\" \/>\n<script type=\"application\/ld+json\" class=\"yoast-schema-graph\">{\"@context\":\"https:\/\/schema.org\",\"@graph\":[{\"@type\":\"WebSite\",\"@id\":\"https:\/\/weareable.ngo\/#website\",\"url\":\"https:\/\/weareable.ngo\/\",\"name\":\"We are able\",\"description\":\"\",\"potentialAction\":[{\"@type\":\"SearchAction\",\"target\":{\"@type\":\"EntryPoint\",\"urlTemplate\":\"https:\/\/weareable.ngo\/?s={search_term_string}\"},\"query-input\":\"required name=search_term_string\"}],\"inLanguage\":\"fr-FR\"},{\"@type\":\"ImageObject\",\"inLanguage\":\"fr-FR\",\"@id\":\"https:\/\/weareable.ngo\/fr\/projecten\/hoe-opio-george-zijn-gemeenschap-raakt\/#primaryimage\",\"url\":\"https:\/\/weareable.ngo\/wp-content\/uploads\/2021\/11\/Foto-voor-bij-lifestory-er-is-GEEN-foto-van-Opio-George-1.jpg\",\"contentUrl\":\"https:\/\/weareable.ngo\/wp-content\/uploads\/2021\/11\/Foto-voor-bij-lifestory-er-is-GEEN-foto-van-Opio-George-1.jpg\",\"width\":1200,\"height\":800,\"caption\":\"RDC, Republique Democratique du Congo, Mars 2011 Ouverture de la clinique ophtalmologique St Yvonne a Lubumbashi. Copyright Dieter Telemans\"},{\"@type\":\"WebPage\",\"@id\":\"https:\/\/weareable.ngo\/fr\/projecten\/hoe-opio-george-zijn-gemeenschap-raakt\/#webpage\",\"url\":\"https:\/\/weareable.ngo\/fr\/projecten\/hoe-opio-george-zijn-gemeenschap-raakt\/\",\"name\":\"Comment Opio George atteint sa communaut\u00e9 - We are able\",\"isPartOf\":{\"@id\":\"https:\/\/weareable.ngo\/#website\"},\"primaryImageOfPage\":{\"@id\":\"https:\/\/weareable.ngo\/fr\/projecten\/hoe-opio-george-zijn-gemeenschap-raakt\/#primaryimage\"},\"datePublished\":\"2021-11-17T09:17:14+00:00\",\"dateModified\":\"2022-11-16T08:30:49+00:00\",\"description\":\"Opio George woont in Oeganda en heeft een visuele beperking, maar is succesvol in zijn beroep: \u201cIk heb mijzelf geleerd om voor mijzelf te zorgen. Ik gebruik elke vaardigheid die ik bezit, hoe klein dan ook, zodat ik mijn eigen land kan beheren.\u201d\",\"breadcrumb\":{\"@id\":\"https:\/\/weareable.ngo\/fr\/projecten\/hoe-opio-george-zijn-gemeenschap-raakt\/#breadcrumb\"},\"inLanguage\":\"fr-FR\",\"potentialAction\":[{\"@type\":\"ReadAction\",\"target\":[\"https:\/\/weareable.ngo\/fr\/projecten\/hoe-opio-george-zijn-gemeenschap-raakt\/\"]}]},{\"@type\":\"BreadcrumbList\",\"@id\":\"https:\/\/weareable.ngo\/fr\/projecten\/hoe-opio-george-zijn-gemeenschap-raakt\/#breadcrumb\",\"itemListElement\":[{\"@type\":\"ListItem\",\"position\":1,\"name\":\"Home\",\"item\":\"https:\/\/weareable.ngo\/fr\/\"},{\"@type\":\"ListItem\",\"position\":2,\"name\":\"Comment Opio George atteint sa communaut\u00e9\"}]}]}<\/script>\n<!-- \/ Yoast SEO plugin. -->","yoast_head_json":{"title":"Comment Opio George atteint sa communaut\u00e9 - We are able","description":"Opio George woont in Oeganda en heeft een visuele beperking, maar is succesvol in zijn beroep: \u201cIk heb mijzelf geleerd om voor mijzelf te zorgen. Ik gebruik elke vaardigheid die ik bezit, hoe klein dan ook, zodat ik mijn eigen land kan beheren.\u201d","robots":{"index":"index","follow":"follow","max-snippet":"max-snippet:-1","max-image-preview":"max-image-preview:large","max-video-preview":"max-video-preview:-1"},"canonical":"https:\/\/weareable.ngo\/fr\/projecten\/hoe-opio-george-zijn-gemeenschap-raakt\/","og_locale":"fr_FR","og_type":"article","og_title":"Comment Opio George atteint sa communaut\u00e9 - We are able","og_description":"Opio George woont in Oeganda en heeft een visuele beperking, maar is succesvol in zijn beroep: \u201cIk heb mijzelf geleerd om voor mijzelf te zorgen. Ik gebruik elke vaardigheid die ik bezit, hoe klein dan ook, zodat ik mijn eigen land kan beheren.\u201d","og_url":"https:\/\/weareable.ngo\/fr\/projecten\/hoe-opio-george-zijn-gemeenschap-raakt\/","og_site_name":"We are able","article_modified_time":"2022-11-16T08:30:49+00:00","og_image":[{"width":1200,"height":800,"url":"https:\/\/weareable.ngo\/wp-content\/uploads\/2021\/11\/Foto-voor-bij-lifestory-er-is-GEEN-foto-van-Opio-George-1.jpg","type":"image\/jpeg"}],"twitter_card":"summary_large_image","twitter_misc":{"Dur\u00e9e de lecture estim\u00e9e":"3 minutes"},"schema":{"@context":"https:\/\/schema.org","@graph":[{"@type":"WebSite","@id":"https:\/\/weareable.ngo\/#website","url":"https:\/\/weareable.ngo\/","name":"We are able","description":"","potentialAction":[{"@type":"SearchAction","target":{"@type":"EntryPoint","urlTemplate":"https:\/\/weareable.ngo\/?s={search_term_string}"},"query-input":"required name=search_term_string"}],"inLanguage":"fr-FR"},{"@type":"ImageObject","inLanguage":"fr-FR","@id":"https:\/\/weareable.ngo\/fr\/projecten\/hoe-opio-george-zijn-gemeenschap-raakt\/#primaryimage","url":"https:\/\/weareable.ngo\/wp-content\/uploads\/2021\/11\/Foto-voor-bij-lifestory-er-is-GEEN-foto-van-Opio-George-1.jpg","contentUrl":"https:\/\/weareable.ngo\/wp-content\/uploads\/2021\/11\/Foto-voor-bij-lifestory-er-is-GEEN-foto-van-Opio-George-1.jpg","width":1200,"height":800,"caption":"RDC, Republique Democratique du Congo, Mars 2011 Ouverture de la clinique ophtalmologique St Yvonne a Lubumbashi. Copyright Dieter Telemans"},{"@type":"WebPage","@id":"https:\/\/weareable.ngo\/fr\/projecten\/hoe-opio-george-zijn-gemeenschap-raakt\/#webpage","url":"https:\/\/weareable.ngo\/fr\/projecten\/hoe-opio-george-zijn-gemeenschap-raakt\/","name":"Comment Opio George atteint sa communaut\u00e9 - We are able","isPartOf":{"@id":"https:\/\/weareable.ngo\/#website"},"primaryImageOfPage":{"@id":"https:\/\/weareable.ngo\/fr\/projecten\/hoe-opio-george-zijn-gemeenschap-raakt\/#primaryimage"},"datePublished":"2021-11-17T09:17:14+00:00","dateModified":"2022-11-16T08:30:49+00:00","description":"Opio George woont in Oeganda en heeft een visuele beperking, maar is succesvol in zijn beroep: \u201cIk heb mijzelf geleerd om voor mijzelf te zorgen. Ik gebruik elke vaardigheid die ik bezit, hoe klein dan ook, zodat ik mijn eigen land kan beheren.\u201d","breadcrumb":{"@id":"https:\/\/weareable.ngo\/fr\/projecten\/hoe-opio-george-zijn-gemeenschap-raakt\/#breadcrumb"},"inLanguage":"fr-FR","potentialAction":[{"@type":"ReadAction","target":["https:\/\/weareable.ngo\/fr\/projecten\/hoe-opio-george-zijn-gemeenschap-raakt\/"]}]},{"@type":"BreadcrumbList","@id":"https:\/\/weareable.ngo\/fr\/projecten\/hoe-opio-george-zijn-gemeenschap-raakt\/#breadcrumb","itemListElement":[{"@type":"ListItem","position":1,"name":"Home","item":"https:\/\/weareable.ngo\/fr\/"},{"@type":"ListItem","position":2,"name":"Comment Opio George atteint sa communaut\u00e9"}]}]}},"_links":{"self":[{"href":"https:\/\/weareable.ngo\/fr\/wp-json\/wp\/v2\/projecten\/1984"}],"collection":[{"href":"https:\/\/weareable.ngo\/fr\/wp-json\/wp\/v2\/projecten"}],"about":[{"href":"https:\/\/weareable.ngo\/fr\/wp-json\/wp\/v2\/types\/projecten"}],"wp:featuredmedia":[{"embeddable":true,"href":"https:\/\/weareable.ngo\/fr\/wp-json\/wp\/v2\/media\/1811"}],"wp:attachment":[{"href":"https:\/\/weareable.ngo\/fr\/wp-json\/wp\/v2\/media?parent=1984"}],"curies":[{"name":"wp","href":"https:\/\/api.w.org\/{rel}","templated":true}]}}