{"id":1978,"date":"2021-11-17T09:16:34","date_gmt":"2021-11-17T09:16:34","guid":{"rendered":"https:\/\/weareable.ngo\/projecten\/opvallend-veel-mensen-met-een-handicap\/"},"modified":"2022-11-16T09:11:10","modified_gmt":"2022-11-16T08:11:10","slug":"opvallend-veel-mensen-met-een-handicap","status":"publish","type":"projecten","link":"https:\/\/weareable.ngo\/fr\/projecten\/opvallend-veel-mensen-met-een-handicap\/","title":{"rendered":"\u00ab\u00a0Un nombre important de personnes vivant avec handicap\u00a0\u00bb."},"content":{"rendered":"<span><span><a href=\"https:\/\/weareable.ngo\/fr\/\">Home<\/a><\/span>\n\n\n\n<div class=\"alignfull wp-block-ugb-columns ugb-columns ugb-c3b8e23 ugb-columns--design-plain ugb-columns--columns-2 ugb-main-block ugb-main-block--inner-center ugb--has-block-background ugb--has-background-overlay\"><style>.ugb-c3b8e23 > .ugb-inner-block > .ugb-block-content > .ugb-columns__item{grid-template-columns:0.80fr 1.20fr !important}.ugb-c3b8e23.ugb-columns{background-color:var(--paletteColor5,#f5f4f5)}.ugb-c3b8e23.ugb-columns:before{background-image:linear-gradient(90deg,var(--paletteColor5,#f5f4f5) 35%,#ffffff 35%);mix-blend-mode:unset}@media screen and (min-width:768px){.ugb-c3b8e23.ugb-columns{margin-top:50px !important}}@media screen and (min-width:768px) and (max-width:1025px){.ugb-c3b8e23.ugb-columns{padding-top:20px !important;padding-right:30px !important;padding-bottom:20px !important;padding-left:30px !important}}@media screen and (max-width:768px){.ugb-c3b8e23.ugb-columns{padding-top:30px !important;padding-right:18px !important;padding-bottom:10px !important;padding-left:18px !important}}<\/style><div class=\"ugb-inner-block ugb-inner-block--center\"><div class=\"ugb-block-content\"><div class=\"ugb-columns__item ugb-c3b8e23-content-wrapper\">\n<div class=\"wp-block-ugb-column ugb-column ugb-0f3d2bf ugb-column--design-basic ugb-main-block\"><style>.ugb-0f3d2bf-column-wrapper{border-radius:0px !important;background-image:url(https:\/\/weareable.ngo\/wp-content\/uploads\/2021\/11\/Foto-Burundi.jpg)}.ugb-0f3d2bf-column-wrapper:before{opacity:0.5}.ugb-0f3d2bf.ugb-column{min-height:350px}@media screen and (-ms-high-contrast:active),screen and (-ms-high-contrast:none){.ugb-0f3d2bf.ugb-column{height:350px}}@media screen and (min-width:768px){.ugb-0f3d2bf > .ugb-inner-block > .ugb-block-content > *{padding-top:0px !important;padding-bottom:0px !important;padding-right:0px !important;padding-left:0px !important}}<\/style><div class=\"ugb-inner-block\"><div class=\"ugb-block-content\"><div class=\"ugb-column__item ugb-0f3d2bf-column-wrapper ugb--has-background-overlay\"><div class=\"ugb-column__content-wrapper\"><\/div><\/div><\/div><\/div><\/div>\n\n\n\n<div class=\"wp-block-ugb-column ugb-column ugb-ca6bcc2 ugb-column--design-plain ugb-main-block\"><style>@media screen and (min-width:768px){.ugb-ca6bcc2 > .ugb-inner-block > .ugb-block-content > *{padding-top:30px !important;padding-bottom:30px !important;padding-left:75px !important}}@media screen and (min-width:768px) and (max-width:1025px){.ugb-ca6bcc2 > .ugb-inner-block > .ugb-block-content > *{padding-top:0px !important;padding-right:0px !important;padding-bottom:0px !important;padding-left:0px !important}}<\/style><div class=\"ugb-inner-block\"><div class=\"ugb-block-content\"><div class=\"ugb-column__item ugb-ca6bcc2-column-wrapper\"><div class=\"ugb-column__content-wrapper\">\n<div class=\"wp-block-ugb-heading ugb-heading ugb-ba2a992 ugb-main-block\"><style>.ugb-ba2a992 .ugb-heading__title{text-transform:none !important;text-align:left;margin-bottom:15px !important}.ugb-ba2a992 .ugb-heading__bottom-line{background-color:var(--paletteColor4,#27a484) !important;height:2px !important;width:284px !important;margin-left:0 !important;margin-right:auto !important}.ugb-ba2a992 .ugb-inner-block{text-align:left}<\/style><div class=\"ugb-inner-block\"><div class=\"ugb-block-content\"><h1 class=\"ugb-heading__title\">\u00ab\u00a0Un nombre important de personnes vivant avec handicap\u00a0\u00bb.<\/h1><div class=\"ugb-heading__bottom-line\"><\/div><\/div><\/div><\/div>\n\n\n\n<div class=\"wp-block-ugb-text ugb-text ugb-60d4803 ugb-text--design-plain ugb-text--columns-1 ugb-main-block\"><style>.ugb-60d4803 .ugb-text__title{font-size:20px !important}.ugb-60d4803 .ugb-text__text{margin-bottom:0px !important}@media screen and (min-width:768px){.ugb-60d4803.ugb-text{margin-top:0px !important;margin-bottom:10px !important;margin-left:0px !important}}@media screen and (max-width:768px){.ugb-60d4803.ugb-text{margin-right:0px !important;margin-left:0px !important;margin-top:0px !important;margin-bottom:0px !important;padding-bottom:0px !important}}<\/style><div class=\"ugb-inner-block\"><div class=\"ugb-block-content\"><div class=\"ugb-text__title-wrapper\"><h2 class=\"ugb-text__title\">Peter Danku d\u00e9crit sa premi\u00e8re visite de travail au Burundi<\/h2><\/div><div class=\"ugb-text__text-wrapper\"><div class=\"ugb-text__text\"><p class=\"ugb-text__text-1\">Peter Danku, Coordinateur du Programme We are Able! avec Leprazending, s&rsquo;est rendu au Burundi pour coordonner les premi\u00e8res activit\u00e9s de Leprazending dans le cadre du programme We are Able!. Il revient sur cette exp\u00e9rience. \u00ab\u00a0Nous travaillions avec l&rsquo;un des partenaires locaux de Leprazending. Je les ai rencontr\u00e9s pour discuter des \u00e9tapes concr\u00e8tes du d\u00e9marrage de notre programme. Nous communiquions en Fran\u00e7ais. Il est important de se rappeler que le Burundi est l&rsquo;un des pays les plus pauvres d&rsquo;Afrique. Les signes des violents combats qui ont eu lieu lors d&rsquo;une tentative de coup d&rsquo;Etat il y a cinq ans sont encore tr\u00e8s visibles\u00a0\u00bb, explique-t-il.\u2019<\/p><\/div><\/div><\/div><\/div><\/div>\n<\/div><\/div><\/div><\/div><\/div>\n<\/div><\/div><\/div><\/div>\n\n\n\n<div class=\"wp-block-ugb-container ugb-container ugb-7fdda3e ugb-container--v2 ugb-container--design-plain ugb-main-block\"><style>@media screen and (min-width:768px){.ugb-7fdda3e-content-wrapper.ugb-container__content-wrapper{width:75% !important}}<\/style><div class=\"ugb-inner-block\"><div class=\"ugb-block-content\"><div class=\"ugb-container__wrapper ugb-7fdda3e-wrapper\"><div class=\"ugb-container__side\"><div class=\"ugb-container__content-wrapper ugb-7fdda3e-content-wrapper\">\n<h2>Mauvaises conditions<\/h2>\n\n\n\n<p>\u00ab\u00a0La situation sociale et \u00e9conomique est difficile; en plus de cela, vous avez la pand\u00e9mie. L&rsquo;aide est n\u00e9cessaire. C&rsquo;est pourquoi nous formons nos formateurs, afin qu&rsquo;ils soient parfaitement pr\u00e9par\u00e9s.\u00a0\u00bb<\/p>\n\n\n\n<h2>Des gens accessibles<\/h2>\n\n\n\n<p>\u00ab\u00a0Heureusement, les gens ici sont accessibles &#8211; gentils et amicaux. Chaque matin, avant de commencer le travail, je faisais de la course \u00e0 pied. J&rsquo;\u00e9tais tr\u00e8s remarqu\u00e9, un homme blanc qui courait t\u00f4t le matin. Cela m&rsquo;a permis de faire de belles pr\u00e9sentations et d&rsquo;avoir de bonnes conversations.\u00a0\u00bb<\/p>\n\n\n\n<h2>Optimiste<\/h2>\n\n\n\n<p>\u00ab\u00a0Le nombre de personnes vivant avec handicap est vraiment important. C&rsquo;est bien que nous puissions travailler ici. Certes, les conditions font qu&rsquo;il est plus difficile de d\u00e9marrer. Mais nous sommes en mesure de prendre un bon d\u00e9part, avec les organisations fa\u00eeti\u00e8res qui s&rsquo;engagent en faveur des personnes vivant avec handicap. Oui, nous sommes optimistes!\u00a0\u00bb<\/p>\n\n\n\n<div class=\"wp-block-ugb-button ugb-button-wrapper ugb-31b3543 ugb-main-block\"><style>.ugb-31b3543 .ugb-block-content{justify-content:flex-start !important}.ugb-31b3543 .ugb-button1 .ugb-button--inner{font-size:16px !important;font-weight:normal !important}.ugb-31b3543 .ugb-button1{background-color:var(--paletteColor1,#f25579);padding-top:12px;padding-right:35px;padding-bottom:12px;padding-left:35px;border-radius:4px !important}.ugb-31b3543 .ugb-button1 .ugb-button--inner,.ugb-31b3543 .ugb-button1 svg:not(.ugb-custom-icon){color:var(--paletteColor5,#ffffff) !important}.ugb-31b3543 .ugb-button1:before{border-radius:4px !important}.ugb-31b3543 .ugb-inner-block{text-align:left}@media screen and (min-width:768px){.ugb-31b3543.ugb-button-wrapper{margin-bottom:0px !important}}<\/style><div class=\"ugb-inner-block\"><div class=\"ugb-block-content\"><div class=\"ugb-button-container\"><a class=\"ugb-button1 ugb-button ugb-button--size-normal ugb--hover-effect-scale\" href=\"\/fr\/temoignages\/\" rel=\"\" title=\"\"><span class=\"ugb-button--inner\">Lire plus d&rsquo;histoires\u2019<\/span><\/a><\/div><\/div><\/div><\/div>\n<\/div><\/div><\/div><\/div><\/div><\/div>\n","protected":false},"excerpt":{"rendered":"<p>Peter Danku, Coordinateur du Programme We are Able! avec Leprazending, s&rsquo;est rendu au Burundi pour coordonner les premi\u00e8res activit\u00e9s de Leprazending dans le cadre du programme We are Able!.<\/p>\n","protected":false},"featured_media":1809,"parent":0,"template":"","meta":[],"blocksy_meta":{"styles_descriptor":{"styles":{"desktop":"","tablet":"","mobile":""},"google_fonts":[],"version":5}},"acf":[],"featured_image_urls":{"full":["https:\/\/weareable.ngo\/wp-content\/uploads\/2021\/11\/Foto-Burundi.jpg",1200,800,false],"thumbnail":["https:\/\/weareable.ngo\/wp-content\/uploads\/2021\/11\/Foto-Burundi-150x150.jpg",150,150,true],"medium":["https:\/\/weareable.ngo\/wp-content\/uploads\/2021\/11\/Foto-Burundi-300x200.jpg",300,200,true],"medium_large":["https:\/\/weareable.ngo\/wp-content\/uploads\/2021\/11\/Foto-Burundi-768x512.jpg",768,512,true],"large":["https:\/\/weareable.ngo\/wp-content\/uploads\/2021\/11\/Foto-Burundi-1024x683.jpg",1024,683,true],"1536x1536":["https:\/\/weareable.ngo\/wp-content\/uploads\/2021\/11\/Foto-Burundi.jpg",1200,800,false],"2048x2048":["https:\/\/weareable.ngo\/wp-content\/uploads\/2021\/11\/Foto-Burundi.jpg",1200,800,false]},"post_excerpt_stackable":"<p>Peter Danku, Coordinateur du Programme We are Able! avec Leprazending, s&rsquo;est rendu au Burundi pour coordonner les premi\u00e8res activit\u00e9s de Leprazending dans le cadre du programme We are Able!.<\/p>\n","category_list":"","author_info":{"name":"","url":""},"comments_num":"0 commentaire","featured_image_urls_v2":{"full":["https:\/\/weareable.ngo\/wp-content\/uploads\/2021\/11\/Foto-Burundi.jpg",1200,800,false],"thumbnail":["https:\/\/weareable.ngo\/wp-content\/uploads\/2021\/11\/Foto-Burundi-150x150.jpg",150,150,true],"medium":["https:\/\/weareable.ngo\/wp-content\/uploads\/2021\/11\/Foto-Burundi-300x200.jpg",300,200,true],"medium_large":["https:\/\/weareable.ngo\/wp-content\/uploads\/2021\/11\/Foto-Burundi-768x512.jpg",768,512,true],"large":["https:\/\/weareable.ngo\/wp-content\/uploads\/2021\/11\/Foto-Burundi-1024x683.jpg",1024,683,true],"1536x1536":["https:\/\/weareable.ngo\/wp-content\/uploads\/2021\/11\/Foto-Burundi.jpg",1200,800,false],"2048x2048":["https:\/\/weareable.ngo\/wp-content\/uploads\/2021\/11\/Foto-Burundi.jpg",1200,800,false]},"post_excerpt_stackable_v2":"<p>Peter Danku, Coordinateur du Programme We are Able! avec Leprazending, s&rsquo;est rendu au Burundi pour coordonner les premi\u00e8res activit\u00e9s de Leprazending dans le cadre du programme We are Able!.<\/p>\n","category_list_v2":"","author_info_v2":{"name":"","url":""},"comments_num_v2":"0 commentaire","yoast_head":"<!-- This site is optimized with the Yoast SEO plugin v19.1 - https:\/\/yoast.com\/wordpress\/plugins\/seo\/ -->\n<title>&quot;Un nombre important de personnes vivant avec handicap&quot;. - We are able<\/title>\n<meta name=\"description\" content=\"Peter Danku, programma co\u00f6rdinator We are Able! vanuit Leprazending, reisde af naar Burundi in het kader van het We are Able!-programma.\" \/>\n<meta name=\"robots\" content=\"index, follow, max-snippet:-1, max-image-preview:large, max-video-preview:-1\" \/>\n<link rel=\"canonical\" href=\"https:\/\/weareable.ngo\/fr\/projecten\/opvallend-veel-mensen-met-een-handicap\/\" \/>\n<meta property=\"og:locale\" content=\"fr_FR\" \/>\n<meta property=\"og:type\" content=\"article\" \/>\n<meta property=\"og:title\" content=\"&quot;Un nombre important de personnes vivant avec handicap&quot;. - We are able\" \/>\n<meta property=\"og:description\" content=\"Peter Danku, programma co\u00f6rdinator We are Able! vanuit Leprazending, reisde af naar Burundi in het kader van het We are Able!-programma.\" \/>\n<meta property=\"og:url\" content=\"https:\/\/weareable.ngo\/fr\/projecten\/opvallend-veel-mensen-met-een-handicap\/\" \/>\n<meta property=\"og:site_name\" content=\"We are able\" \/>\n<meta property=\"article:modified_time\" content=\"2022-11-16T08:11:10+00:00\" \/>\n<meta property=\"og:image\" content=\"https:\/\/weareable.ngo\/wp-content\/uploads\/2021\/11\/Foto-Burundi.jpg\" \/>\n\t<meta property=\"og:image:width\" content=\"1200\" \/>\n\t<meta property=\"og:image:height\" content=\"800\" \/>\n\t<meta property=\"og:image:type\" content=\"image\/jpeg\" \/>\n<meta name=\"twitter:card\" content=\"summary_large_image\" \/>\n<meta name=\"twitter:label1\" content=\"Dur\u00e9e de lecture estim\u00e9e\" \/>\n\t<meta name=\"twitter:data1\" content=\"2 minutes\" \/>\n<script type=\"application\/ld+json\" class=\"yoast-schema-graph\">{\"@context\":\"https:\/\/schema.org\",\"@graph\":[{\"@type\":\"WebSite\",\"@id\":\"https:\/\/weareable.ngo\/#website\",\"url\":\"https:\/\/weareable.ngo\/\",\"name\":\"We are able\",\"description\":\"\",\"potentialAction\":[{\"@type\":\"SearchAction\",\"target\":{\"@type\":\"EntryPoint\",\"urlTemplate\":\"https:\/\/weareable.ngo\/?s={search_term_string}\"},\"query-input\":\"required name=search_term_string\"}],\"inLanguage\":\"fr-FR\"},{\"@type\":\"ImageObject\",\"inLanguage\":\"fr-FR\",\"@id\":\"https:\/\/weareable.ngo\/fr\/projecten\/opvallend-veel-mensen-met-een-handicap\/#primaryimage\",\"url\":\"https:\/\/weareable.ngo\/wp-content\/uploads\/2021\/11\/Foto-Burundi.jpg\",\"contentUrl\":\"https:\/\/weareable.ngo\/wp-content\/uploads\/2021\/11\/Foto-Burundi.jpg\",\"width\":1200,\"height\":800},{\"@type\":\"WebPage\",\"@id\":\"https:\/\/weareable.ngo\/fr\/projecten\/opvallend-veel-mensen-met-een-handicap\/#webpage\",\"url\":\"https:\/\/weareable.ngo\/fr\/projecten\/opvallend-veel-mensen-met-een-handicap\/\",\"name\":\"\\\"Un nombre important de personnes vivant avec handicap\\\". - We are able\",\"isPartOf\":{\"@id\":\"https:\/\/weareable.ngo\/#website\"},\"primaryImageOfPage\":{\"@id\":\"https:\/\/weareable.ngo\/fr\/projecten\/opvallend-veel-mensen-met-een-handicap\/#primaryimage\"},\"datePublished\":\"2021-11-17T09:16:34+00:00\",\"dateModified\":\"2022-11-16T08:11:10+00:00\",\"description\":\"Peter Danku, programma co\u00f6rdinator We are Able! vanuit Leprazending, reisde af naar Burundi in het kader van het We are Able!-programma.\",\"breadcrumb\":{\"@id\":\"https:\/\/weareable.ngo\/fr\/projecten\/opvallend-veel-mensen-met-een-handicap\/#breadcrumb\"},\"inLanguage\":\"fr-FR\",\"potentialAction\":[{\"@type\":\"ReadAction\",\"target\":[\"https:\/\/weareable.ngo\/fr\/projecten\/opvallend-veel-mensen-met-een-handicap\/\"]}]},{\"@type\":\"BreadcrumbList\",\"@id\":\"https:\/\/weareable.ngo\/fr\/projecten\/opvallend-veel-mensen-met-een-handicap\/#breadcrumb\",\"itemListElement\":[{\"@type\":\"ListItem\",\"position\":1,\"name\":\"Home\",\"item\":\"https:\/\/weareable.ngo\/fr\/\"},{\"@type\":\"ListItem\",\"position\":2,\"name\":\"&#8220;Un nombre important de personnes vivant avec handicap&#8221;.\"}]}]}<\/script>\n<!-- \/ Yoast SEO plugin. -->","yoast_head_json":{"title":"\"Un nombre important de personnes vivant avec handicap\". - We are able","description":"Peter Danku, programma co\u00f6rdinator We are Able! vanuit Leprazending, reisde af naar Burundi in het kader van het We are Able!-programma.","robots":{"index":"index","follow":"follow","max-snippet":"max-snippet:-1","max-image-preview":"max-image-preview:large","max-video-preview":"max-video-preview:-1"},"canonical":"https:\/\/weareable.ngo\/fr\/projecten\/opvallend-veel-mensen-met-een-handicap\/","og_locale":"fr_FR","og_type":"article","og_title":"\"Un nombre important de personnes vivant avec handicap\". - We are able","og_description":"Peter Danku, programma co\u00f6rdinator We are Able! vanuit Leprazending, reisde af naar Burundi in het kader van het We are Able!-programma.","og_url":"https:\/\/weareable.ngo\/fr\/projecten\/opvallend-veel-mensen-met-een-handicap\/","og_site_name":"We are able","article_modified_time":"2022-11-16T08:11:10+00:00","og_image":[{"width":1200,"height":800,"url":"https:\/\/weareable.ngo\/wp-content\/uploads\/2021\/11\/Foto-Burundi.jpg","type":"image\/jpeg"}],"twitter_card":"summary_large_image","twitter_misc":{"Dur\u00e9e de lecture estim\u00e9e":"2 minutes"},"schema":{"@context":"https:\/\/schema.org","@graph":[{"@type":"WebSite","@id":"https:\/\/weareable.ngo\/#website","url":"https:\/\/weareable.ngo\/","name":"We are able","description":"","potentialAction":[{"@type":"SearchAction","target":{"@type":"EntryPoint","urlTemplate":"https:\/\/weareable.ngo\/?s={search_term_string}"},"query-input":"required name=search_term_string"}],"inLanguage":"fr-FR"},{"@type":"ImageObject","inLanguage":"fr-FR","@id":"https:\/\/weareable.ngo\/fr\/projecten\/opvallend-veel-mensen-met-een-handicap\/#primaryimage","url":"https:\/\/weareable.ngo\/wp-content\/uploads\/2021\/11\/Foto-Burundi.jpg","contentUrl":"https:\/\/weareable.ngo\/wp-content\/uploads\/2021\/11\/Foto-Burundi.jpg","width":1200,"height":800},{"@type":"WebPage","@id":"https:\/\/weareable.ngo\/fr\/projecten\/opvallend-veel-mensen-met-een-handicap\/#webpage","url":"https:\/\/weareable.ngo\/fr\/projecten\/opvallend-veel-mensen-met-een-handicap\/","name":"\"Un nombre important de personnes vivant avec handicap\". - We are able","isPartOf":{"@id":"https:\/\/weareable.ngo\/#website"},"primaryImageOfPage":{"@id":"https:\/\/weareable.ngo\/fr\/projecten\/opvallend-veel-mensen-met-een-handicap\/#primaryimage"},"datePublished":"2021-11-17T09:16:34+00:00","dateModified":"2022-11-16T08:11:10+00:00","description":"Peter Danku, programma co\u00f6rdinator We are Able! vanuit Leprazending, reisde af naar Burundi in het kader van het We are Able!-programma.","breadcrumb":{"@id":"https:\/\/weareable.ngo\/fr\/projecten\/opvallend-veel-mensen-met-een-handicap\/#breadcrumb"},"inLanguage":"fr-FR","potentialAction":[{"@type":"ReadAction","target":["https:\/\/weareable.ngo\/fr\/projecten\/opvallend-veel-mensen-met-een-handicap\/"]}]},{"@type":"BreadcrumbList","@id":"https:\/\/weareable.ngo\/fr\/projecten\/opvallend-veel-mensen-met-een-handicap\/#breadcrumb","itemListElement":[{"@type":"ListItem","position":1,"name":"Home","item":"https:\/\/weareable.ngo\/fr\/"},{"@type":"ListItem","position":2,"name":"&#8220;Un nombre important de personnes vivant avec handicap&#8221;."}]}]}},"_links":{"self":[{"href":"https:\/\/weareable.ngo\/fr\/wp-json\/wp\/v2\/projecten\/1978"}],"collection":[{"href":"https:\/\/weareable.ngo\/fr\/wp-json\/wp\/v2\/projecten"}],"about":[{"href":"https:\/\/weareable.ngo\/fr\/wp-json\/wp\/v2\/types\/projecten"}],"wp:featuredmedia":[{"embeddable":true,"href":"https:\/\/weareable.ngo\/fr\/wp-json\/wp\/v2\/media\/1809"}],"wp:attachment":[{"href":"https:\/\/weareable.ngo\/fr\/wp-json\/wp\/v2\/media?parent=1978"}],"curies":[{"name":"wp","href":"https:\/\/api.w.org\/{rel}","templated":true}]}}